{"version":"1.0","provider_name":"Fenntarthat\u00f3s\u00e1g - szubjekt\u00edven","provider_url":"https:\/\/fenntarthato.cafeblog.hu","author_name":"BoglarkaM","author_url":"https:\/\/fenntarthato.cafeblog.hu\/author\/boglarkam\/","title":"Pap\u00edrnak l\u00e1tsz\u00f3 t\u00e1rgy","html":"<p>Van egy Facebook (vagy Pinterest?) mond\u00e1s, mely szerint csak olyan t\u00e1rgyakkal \u00e9rdemes k\u00f6r\u00fclvenn\u00fcnk magunkat, amelyek vagy sz\u00e9pek, vagy hasznosak. Szerintem a 21. sz\u00e1zadban egyre kev\u00e9sb\u00e9 kell v\u00e1lasztanunk a funkcionalit\u00e1s \u00e9s az eszt\u00e9tikum k\u00f6z\u00f6tt... Rengeteg kreat\u00edv designer (<a title=\"Sigvard Bernadotte \u00e9s a mosogat\u00f3kefe\" href=\"http:\/\/en.wikipedia.org\/wiki\/Count_Sigvard_Bernadotte_of_Wisborg\">illetve a sv\u00e9dek eset\u00e9n kir\u00e1lyi sarjak is<\/a>) dolgozik azon, hogy p\u00e9ld\u00e1ul a h\u00e1ztart\u00e1si eszk\u00f6z\u00f6k t\u00f6k\u00e9letesen ergon\u00f3mikusak legyenek (a k\u00e9nyelmes \u00e9s biztons\u00e1gos haszn\u00e1lat \u00e9rdek\u00e9ben) \u00c9S szemet gy\u00f6ny\u00f6rk\u00f6dtet\u0151 l\u00e1tv\u00e1nyt is ny\u00fajtsanak.<\/p>\r\n<p>\u00a0Egy t\u00e1rgy, egy term\u00e9k t\u00f6bbf\u00e9lek\u00e9ppen lehet fenntarthat\u00f3. P\u00e9ld\u00e1ul \u00e9n azt gondolom, hogy k\u00e9t teljesen egyforma term\u00e9k k\u00f6z\u00fcl az, amelyiket t\u00f6bben haszn\u00e1lj\u00e1k (pl. k\u00f6nyvt\u00e1ri k\u00f6nyv, k\u00f6lcs\u00f6nz\u00f6tt takar\u00edt\u00f3g\u00e9p, vagy ak\u00e1r szomsz\u00e9dok k\u00f6z\u00f6tt k\u00f6rbej\u00e1r\u00f3 f\u00far\u00f3g\u00e9p, s\u0151t, telekocsik\u00e9nt haszn\u00e1lt g\u00e9pj\u00e1rm\u0171!!!) az m\u00e1r fenntarthat\u00f3bb ahhoz k\u00e9pest, amelyiknek egyetlen tulajdonosa van. Ugyan\u00edgy, ha egy term\u00e9k t\u00f6bbfunkci\u00f3s, s \u00edgy megn\u00f6velt \u00e9lettartam\u00fa, az is fenntarthat\u00f3. Ilyenek azon a gyerek\u00e1gyak, amik \"n\u0151nek\" a gyerekkel, vagy egy-egy \u00e1talak\u00edthat\u00f3 b\u00fator (nem siker\u00fclt megtal\u00e1lnom azt, amelyik vend\u00e9g\u00e1gy, puff vagy asztalka is lehet, att\u00f3l f\u00fcgg\u0151en, hogy mit cipz\u00e1razunk hova, <a title=\"Gombol\u00f3!\" href=\"http:\/\/walyou.com\/convertible-furniture\/\">ellenben itt van egy gombos darab<\/a>, hasonl\u00f3 m\u0171k\u00f6d\u00e9si elvvel).\u00a0<\/p>\r\n<p>De a felhaszn\u00e1lt\u00a0alapanyagok \u00e9s a term\u00e9k \u00e9letciklus v\u00e9g\u00e9n v\u00e1rhat\u00f3 feldolgozhat\u00f3s\u00e1g alapj\u00e1n is mondhatjuk valamire, hogy k\u00f6rnyezetbar\u00e1t-e vagy sem. Ut\u00f3bbira p\u00e9lda, ha biol\u00f3giai \u00faton (h\u0151re, f\u00e9nyre) lebomlik az adott dolog (pl. a mi gy\u00f3gyszert\u00e1runkban olyan zacsk\u00f3t adnak, ami 1-2 \u00e9ven bel\u00fcl szobah\u0151m\u00e9rs\u00e9kleten is elkezd sz\u00e9tesni, ezzel egyr\u00e9szt n\u00e9mi bossz\u00fas\u00e1got okozva, amikor kutyas\u00e9t\u00e1ltat\u00e1s el\u0151tt sietve zacsit keresn\u00e9k, m\u00e1sr\u00e9szt j\u00f3 l\u00e1tni, hogy nem beetet\u00e9s, t\u00e9nyleg lebomlik) vagy az \u00fajrahasznos\u00edthat\u00f3s\u00e1g. Egy term\u00e9k akkor is \u00fajrahasznos\u00edthat\u00f3, ha egyetlen \u00fajrahasznos\u00edthat\u00f3 anyagb\u00f3l k\u00e9sz\u00fcl \u00e9s akkor is, ha (k\u00f6nnyen!!!) sz\u00e9tbonthat\u00f3 \u00fajrahasznos\u00edthat\u00f3 \u00f6sszetev\u0151kre,\u00a0<a title=\"H\u0151re old\u00f3d\u00f3 r\u00f6gz\u00edt\u0151k a Nokia telefonokban\" href=\"http:\/\/www.treehugger.com\/gadgets\/you-can-be-too-thin-why-design-disassembly-so-important-and-why-apples-new-computers-really-do-suck.html#14300586144111&amp;action=collapse_widget&amp;id=0&amp;data=\">mint annak a telefonnak az eset\u00e9ben, ahol h\u0151re old\u00f3d\u00f3 r\u00f6gz\u00edt\u00e9st haszn\u00e1ltak<\/a>, vagy a h\u00edres-neves <a title=\"Mirra sz\u00e9k kirak\u00f3\" href=\"http:\/\/www.mirrachair.co.uk\/Sustainable_Design.cfm\">Mirra sz\u00e9k<\/a>n\u00e9l (<a title=\"Mirra sz\u00e9k sz\u00e9tszerel\u00e9si \u00fatmutat\u00f3ja, mert ilyen is van\" href=\"http:\/\/www.hermanmiller.com\/content\/dam\/hermanmiller\/documents\/environmental\/recycling\/Mirra_Chairs_Recycling_Instructions.pdf\">sz\u00e9tszerel\u00e9si \u00fatmutat\u00f3val<\/a>).<\/p>\r\n<p>S hogy mire volt ez a hossz\u00fa bevezet\u0151?\u00a0<\/p>\r\n[caption id=\"attachment_64\" align=\"alignright\" width=\"164\"]<a href=\"https:\/\/fenntarthato.cafeblog.hu\/files\/2015\/04\/not-paper.jpg\"><img class=\"size-medium wp-image-64\" src=\"https:\/\/fenntarthato.cafeblog.hu\/files\/2015\/04\/not-paper-164x300.jpg\" alt=\"\" width=\"164\" height=\"300\" \/><\/a> One Ones Creative t\u00e1ska<br \/>Forr\u00e1s: https:\/\/www.etsy.com\/shop\/OneOnesCreative[\/caption]\r\n<p>Ma l\u00e1ttam az Etsy-n egy nagyon \u00e9rdekes dolgot, Tyvek anyagb\u00f3l k\u00e9sz\u00fclt t\u00e1sk\u00e1kat. A Tyvek pap\u00edrnak l\u00e1tsz\u00f3, de f\u0151leg m\u0171anyagb\u00f3l k\u00e9sz\u00fclt sz\u00f6v\u00e9s n\u00e9lk\u00fcli* textil(nek l\u00e1tsz\u00f3... H\u00e1t sz\u00f3val... anyag). A le\u00edr\u00e1s szerint gy\u0171r\u0151dik is, mint a pap\u00edr (ez l\u00e1tszott a szatyron), viszont v\u00edz\u00e1ll\u00f3, sz\u00f3val izgalmas dolog. Lenne. Ez a v\u00e1llalkoz\u00e1s az Etsy-n ugyanis nagy, form\u00e1tlan, d\u00edsztelen, IKEA-s s\u00e1rgat\u00e1sk\u00e1ra eml\u00e9keztet\u0151 fazon\u00fa darabokat k\u00edn\u00e1l... Ami nekem nem tetszik, de mindenk\u00e9ppen \u00e9rdekesnek t\u0171nik a dolog. (Azt\u00e1n r\u00e1kerestem, a DuPont fejleszt\u00e9se, m\u00e9g 1955-b\u0151l; \u00a0mivel l\u00e9legz\u0151 anyag, pl. munkaover\u00e1llokat is k\u00e9sz\u00edtenek bel\u0151le; azt \u00edrj\u00e1k, nem szakad, de v\u00e1gni k\u00f6nny\u0171, nem gy\u00fal\u00e9kony...\u00a0<a title=\"Tyvek - Wikipedia.org\" href=\"http:\/\/en.wikipedia.org\/wiki\/Tyvek\">itt lehet r\u00f3la b\u0151vebben olvasni<\/a>.)\u00a0<\/p>\r\n<p>\u00a0Na, h\u00e1t sz\u00f3val \u00edgy lesz egy \u00e9p\u00edt\u0151iparban haszn\u00e1lt v\u00e9d\u0151-szigetel\u0151 anyagb\u00f3l v\u00e1llt\u00e1ska :) (Naj\u00f3, ez itt a k\u00e9pen tal\u00e1n m\u00e9gis tetszik.)<\/p>\r\n<p>Update: \u00edrtam a OneOnes-nak, hogy megeml\u00edtettem \u0151ket a blogomban; kider\u00fclt, hogy van Facebook oldaluk is, lengyel\u00fcl tud\u00f3k <a title=\"OneOnes Facebook oldal :)\" href=\"https:\/\/www.facebook.com\/OneOnesCreativeStudio\" target=\"_blank\">ide kattintsanak<\/a>!<\/p>","type":"rich"}